{"id":11,"date":"2023-11-19T23:12:46","date_gmt":"2023-11-19T22:12:46","guid":{"rendered":"http:\/\/lesurvoltefestival.org\/?page_id=11"},"modified":"2026-04-19T12:50:12","modified_gmt":"2026-04-19T10:50:12","slug":"programmation","status":"publish","type":"page","link":"https:\/\/lesurvoltefestival.org\/index.php\/programmation\/","title":{"rendered":"PROGRAMME \u266e"},"content":{"rendered":"<h2 class=\"wp-block-post-title\">PROGRAMME \u266e<\/h2>\n\n\n<h1 class=\"wp-block-heading has-luminous-vivid-amber-background-color has-background\">Vendredi                  <img loading=\"lazy\" decoding=\"async\" width=\"50\" height=\"50\" class=\"wp-image-393\" style=\"width: 50px;\" src=\"http:\/\/lesurvoltefestival.org\/wp-content\/uploads\/2024\/06\/cropped-LOGOS-CMJN-JAUNE.png\" alt=\"\" srcset=\"https:\/\/lesurvoltefestival.org\/wp-content\/uploads\/2024\/06\/cropped-LOGOS-CMJN-JAUNE.png 512w, https:\/\/lesurvoltefestival.org\/wp-content\/uploads\/2024\/06\/cropped-LOGOS-CMJN-JAUNE-300x300.png 300w, https:\/\/lesurvoltefestival.org\/wp-content\/uploads\/2024\/06\/cropped-LOGOS-CMJN-JAUNE-150x150.png 150w, https:\/\/lesurvoltefestival.org\/wp-content\/uploads\/2024\/06\/cropped-LOGOS-CMJN-JAUNE-270x270.png 270w, https:\/\/lesurvoltefestival.org\/wp-content\/uploads\/2024\/06\/cropped-LOGOS-CMJN-JAUNE-192x192.png 192w, https:\/\/lesurvoltefestival.org\/wp-content\/uploads\/2024\/06\/cropped-LOGOS-CMJN-JAUNE-180x180.png 180w, https:\/\/lesurvoltefestival.org\/wp-content\/uploads\/2024\/06\/cropped-LOGOS-CMJN-JAUNE-32x32.png 32w\" sizes=\"auto, (max-width: 50px) 100vw, 50px\" \/><\/h1>\n\n\n\n<h2 class=\"wp-block-heading\">20h00 &#8211; 23h00 &#8211; Premi\u00e8re soir\u00e9e concerts Rock <mark style=\"background-color:#fcb900\" class=\"has-inline-color has-black-color\">(entr\u00e9e payante)<\/mark><\/h2>\n\n\n\n<p class=\"has-medium-font-size\">On vous propose une premi\u00e8re soir\u00e9e avec 2 groupes \u00e0 d\u00e9couvrir ! Sp\u00e9cial coups de c\u0153ur Rock \u00e9mergent du \u26a1Survolt\u00e9\u26a1. On vous annonce la programmation tr\u00e8s prochainement \u2600\ufe0f. <\/p>\n\n\n\n<p class=\"has-medium-font-size\">Des petits prix pour rendre le festival <strong>accessible \u00e0 tous<\/strong> : toutes les infos<strong> <a href=\"https:\/\/lesurvoltefestival.org\/index.php\/billeterie\/\">&lt;&lt;&lt; ici >>><\/a>.<\/strong><\/p>\n\n\n\n<h1 class=\"wp-block-heading has-black-color has-luminous-vivid-amber-background-color has-text-color has-background has-link-color has-x-large-font-size wp-elements-3257fb0a2054b9391d0ce22588a3bbc4\">Samedi                   <img loading=\"lazy\" decoding=\"async\" width=\"50\" height=\"50\" class=\"wp-image-393\" style=\"width: 50px;\" src=\"http:\/\/lesurvoltefestival.org\/wp-content\/uploads\/2024\/06\/cropped-LOGOS-CMJN-JAUNE.png\" alt=\"\" srcset=\"https:\/\/lesurvoltefestival.org\/wp-content\/uploads\/2024\/06\/cropped-LOGOS-CMJN-JAUNE.png 512w, https:\/\/lesurvoltefestival.org\/wp-content\/uploads\/2024\/06\/cropped-LOGOS-CMJN-JAUNE-300x300.png 300w, https:\/\/lesurvoltefestival.org\/wp-content\/uploads\/2024\/06\/cropped-LOGOS-CMJN-JAUNE-150x150.png 150w, https:\/\/lesurvoltefestival.org\/wp-content\/uploads\/2024\/06\/cropped-LOGOS-CMJN-JAUNE-270x270.png 270w, https:\/\/lesurvoltefestival.org\/wp-content\/uploads\/2024\/06\/cropped-LOGOS-CMJN-JAUNE-192x192.png 192w, https:\/\/lesurvoltefestival.org\/wp-content\/uploads\/2024\/06\/cropped-LOGOS-CMJN-JAUNE-180x180.png 180w, https:\/\/lesurvoltefestival.org\/wp-content\/uploads\/2024\/06\/cropped-LOGOS-CMJN-JAUNE-32x32.png 32w\" sizes=\"auto, (max-width: 50px) 100vw, 50px\" \/><\/h1>\n\n\n\n<h2 class=\"wp-block-heading has-text-align-center has-white-background-color has-background\">10H \u00e0 17h <strong>Broc Musique <\/strong>&#8211; <mark style=\"background-color:#fcb900\" class=\"has-inline-color has-black-color\">(entr\u00e9e gratuite)<\/mark><\/h2>\n\n\n\n<p class=\"has-medium-font-size\">Une <strong>brocante &#8220;musique&#8221;<\/strong> et des animations autour de la <strong>culture Rock<\/strong> (BROCKMUSIC) est propos\u00e9e durant la journ\u00e9e (d\u00e9monstrations musicales \ud83e\udd41, cabine d&#8217;essai mat\u00e9riel \ud83c\udfb8\ud83c\udfba\ud83c\udfa4\ud83c\udfb9\ud83e\ude97\ud83c\udfb7, des artistes peintres graphistes \ud83c\udfa8, photographes \ud83d\udcf7de la sc\u00e8ne Rock \ud83e\udd84\u2026). <mark style=\"background-color:#abb8c3\" class=\"has-inline-color has-black-color\">&lt;&lt;&lt; <\/mark><a href=\"https:\/\/lesurvoltefestival.org\/index.php\/participer\/\"><mark style=\"background-color:#ffffff\" class=\"has-inline-color has-black-color\">Toutes les infos ici<\/mark><\/a><mark style=\"background-color:#abb8c3\" class=\"has-inline-color has-black-color\">&gt;&gt;&gt;<\/mark><\/p>\n\n\n\n<h2 class=\"wp-block-heading has-text-align-center\">10h \u00e0 00h &#8211; <strong>Restauration et buvette<\/strong><\/h2>\n\n\n\n<p class=\"has-medium-font-size\">\ud83c\udf54\ud83c\udf5f\ud83e\uddc7\ud83c\udf7bRestauration et buvette sur place avec burger, saucisse, frites ainsi que des cr\u00eapes, gaufres et churros propos\u00e9s tout au long de la journ\u00e9e.<\/p>\n\n\n\n<p>Pause de la restauration sal\u00e9e de 14h30 \u00e0 18h30 et fin \u00e0 23h (selon les affam\u00e9s).<\/p>\n\n\n\n<h2 class=\"wp-block-heading has-text-align-center\">&#8211; 14h \u00e0 18h &#8211; <strong>Sc\u00e8ne D\u00e9couverte Occitanie<\/strong><br> <mark style=\"background-color:#fcb900\" class=\"has-inline-color has-black-color\">(entr\u00e9e gratuite)<\/mark><\/h2>\n\n\n\n<p class=\"has-text-align-left has-medium-font-size\">Nous vous proposons un appel \u00e0 candidatures qui nous permettra de s\u00e9lectionner <img loading=\"lazy\" decoding=\"async\" height=\"16\" width=\"16\" src=\"https:\/\/static.xx.fbcdn.net\/images\/emoji.php\/v9\/t50\/1\/16\/1f525.png\" alt=\"\ud83d\udd25\"> <strong>3 groupes<\/strong> <img loading=\"lazy\" decoding=\"async\" height=\"16\" width=\"16\" src=\"https:\/\/static.xx.fbcdn.net\/images\/emoji.php\/v9\/t50\/1\/16\/1f525.png\" alt=\"\ud83d\udd25\"> Rock d&#8217;Occitanie pour jouer sur la sc\u00e8ne D\u00e9couverte <img loading=\"lazy\" decoding=\"async\" height=\"16\" width=\"16\" src=\"https:\/\/static.xx.fbcdn.net\/images\/emoji.php\/v9\/t3\/1\/16\/1f408_200d_2b1b.png\" alt=\"\ud83d\udc08\u200d\u2b1b\"> du festival <img loading=\"lazy\" decoding=\"async\" height=\"16\" width=\"16\" src=\"https:\/\/static.xx.fbcdn.net\/images\/emoji.php\/v9\/t5d\/1\/16\/26a1.png\" alt=\"\u26a1\ufe0f\"> Le Survolt\u00e9 <img loading=\"lazy\" decoding=\"async\" height=\"16\" width=\"16\" src=\"https:\/\/static.xx.fbcdn.net\/images\/emoji.php\/v9\/t5d\/1\/16\/26a1.png\" alt=\"\u26a1\ufe0f\">. Une vraie opportunit\u00e9 de d\u00e9couvrir les talents Rock de notre r\u00e9gion de <strong>14h \u00e0 18h<\/strong>. (cf. \u00e9ditions pr\u00e9c\u00e9dentes ci-dessous pour les +curieux).<\/p>\n\n\n\n<p class=\"has-text-align-center has-black-color has-cyan-bluish-gray-background-color has-text-color has-background has-link-color has-medium-font-size wp-elements-3f346218b8ece99f3b1dcac3d05b62ab\"><strong>L&#8217;appel \u00e0 candidatures sera ouvert d\u00e9but mai jusqu&#8217;au 15 juillet. <\/strong><br><strong>Les r\u00e9sultats seront annonc\u00e9s le 1er septembre.<\/strong><\/p>\n\n\n\n<p class=\"has-medium-font-size\">\ud83c\udf1f <strong>Vous \u00eates un groupe amateur Rock d&#8217;Occitanie ? Apportez votre patte <\/strong>\ud83d\udc3e\u00a0<strong>au festival ! <\/strong>En plus de la programmation officielle du vendredi et samedi soir, <strong>3 groupes<\/strong> seront s\u00e9lectionn\u00e9s pour jouer l\u2019apr\u00e8s-midi \ud83c\udfa4. Un jury (b\u00e9n\u00e9voles du festival) choisira les artistes proposant des <strong>compositions originales<\/strong> (pas de reprises) pour <strong>leur originalit\u00e9, leur musicalit\u00e9 et leur \u00e9nergie<\/strong>.<\/p>\n\n\n\n<p class=\"has-medium-font-size\">\ud83c\udfa7 <strong>Quel style musical ?  <\/strong>Un Rock survolt\u00e9, intense, \u00e9nergique\u2026 mais pas extr\u00eame\u26a1\ud83c\udfb8.<\/p>\n\n\n\n<p><\/p>\n\n\n\n<h2 class=\"wp-block-heading has-text-align-center\">&#8211; 19h \u00e0 23h &#8211; <strong>Concerts Le Survolt\u00e9 <\/strong>&#8211; <mark style=\"background-color:#fcb900\" class=\"has-inline-color has-white-color\">(entr\u00e9e payante)<\/mark><\/h2>\n\n\n\n<p class=\"has-medium-font-size\"><strong>Pour acheter vos billets<\/strong> : &lt;&lt;&lt; <strong><a href=\"https:\/\/lesurvoltefestival.org\/index.php\/billeterie\/\">c&#8217;est ici<\/a><\/strong> >>><\/p>\n\n\n\n<p class=\"has-medium-font-size\">Nous sommes ravis de vous proposer une programmation survolt\u00e9e\u26a1\ud83d\udd0bavec 3 concerts en soir\u00e9e.<\/p>\n\n\n\n<div class=\"wp-block-columns is-layout-flex wp-container-core-columns-is-layout-9d6595d7 wp-block-columns-is-layout-flex\">\n<div class=\"wp-block-column is-layout-flow wp-block-column-is-layout-flow\" style=\"flex-basis:100%\">\n<figure class=\"wp-block-table\"><table class=\"has-fixed-layout\"><tbody><tr><td class=\"has-text-align-center\" data-align=\"center\"><strong><mark style=\"background-color:rgba(0, 0, 0, 0)\" class=\"has-inline-color has-luminous-vivid-orange-color\">S\u00e9lection du Survolt\u00e9 <\/mark><\/strong><br><strong><mark style=\"background-color:rgba(0, 0, 0, 0)\" class=\"has-inline-color has-luminous-vivid-orange-color\">au Live Challenge de Montbrun Lauragais<\/mark><\/strong> <br>pour jouer sur la grande sc\u00e8ne du festival.<\/td><td class=\"has-text-align-center\" data-align=\"center\"><strong>N&#8217;h\u00e9sitez pas \u00e0 postuler au Live Challenge pour participer \u00e0 l&#8217;\u00e9dition 2026 \u00e0 partir de mars<\/strong> (<a href=\"https:\/\/www.live-challenge.fr\/\">https:\/\/www.live-challenge.fr\/<\/a>). <br><strong>Annonce de notre s\u00e9lection \u00e0 l&#8217;occasion de la finale du Live Challenge (fin ao\u00fbt)<\/strong><\/td><\/tr><tr><td class=\"has-text-align-center\" data-align=\"center\"><h1><strong>HOWARD<\/strong><\/h1> \ud83d\udc49 <a href=\"https:\/\/www.facebook.com\/howardofficial\">https:\/\/www.facebook.com\/howardofficial<\/a><br><br><strong>HOWARD est un trio de Fuzz Rock <\/strong>form\u00e9 en 2017 et originaire de Paris. Howard est un trio rock parisien qui m\u00eale fuzz 70\u2019s, orgue Hammond d\u00e9cha\u00een\u00e9 et <strong>\u00e9nergie stoner <\/strong>pour d\u00e9livrer un ouragan <strong>vintage et moderne<\/strong> taill\u00e9 pour la transe. Le son fuzzrock de Howard est nourri par les grands groupes rock des ann\u00e9es 60\u201370, en particulier The Doors, Deep Purple et la sc\u00e8ne psych\u00e9 type Birth Of Joy, auxquels ils ajoutent une touche d\u2019\u00e9lectro moderne. Venez les voir en concert et vous serez happ\u00e9s par leur \u00e9nergie live.<br><img loading=\"lazy\" decoding=\"async\" width=\"50\" height=\"50\" class=\"wp-image-526\" style=\"width: 50px;\" src=\"http:\/\/lesurvoltefestival.org\/wp-content\/uploads\/2026\/04\/Youtube-Streamline-Openmoji-Emoji.png\" alt=\"\"> Pour les d\u00e9couvrir : extrait <a href=\"https:\/\/www.youtube.com\/watch?v=-Ir1elaGusQ&amp;list=RD-Ir1elaGusQ&amp;start_radio=1\"><strong>Hell Fest 2025<\/strong><\/a><\/td><td class=\"has-text-align-center\" data-align=\"center\"><img loading=\"lazy\" decoding=\"async\" width=\"250\" height=\"333\" class=\"wp-image-504\" style=\"width: 250px;\" src=\"http:\/\/lesurvoltefestival.org\/wp-content\/uploads\/2026\/03\/howard_gabmevellec.jpg\" alt=\"\" srcset=\"https:\/\/lesurvoltefestival.org\/wp-content\/uploads\/2026\/03\/howard_gabmevellec.jpg 600w, https:\/\/lesurvoltefestival.org\/wp-content\/uploads\/2026\/03\/howard_gabmevellec-226x300.jpg 226w\" sizes=\"auto, (max-width: 250px) 100vw, 250px\" \/><br>Cr\u00e9dit photo : @gabmevellec<\/td><\/tr><tr><td class=\"has-text-align-center\" data-align=\"center\"><h1><strong>ROZEDALE<\/strong><\/h1> \ud83d\udc49 <a href=\"https:\/\/www.facebook.com\/rozedaleband\">https:\/\/www.facebook.com\/rozedaleband<\/a><br>Rozedale est un groupe de blues\u2011rock alsacien fond\u00e9 en 2016 autour du duo Amandyn Roses (chant) et Charlie Fabert (guitare), dont le son puissant m\u00eale <strong>m\u00e9lodie et puissance<\/strong>. Port\u00e9 par une voix \u00e0 la fois rugueuse et sensible, un jeu de <strong>guitare expressif<\/strong> et des compositions taill\u00e9es pour la route, le groupe s\u2019est impos\u00e9 bien au\u2011del\u00e0 du Grand Est. Entre ballades habit\u00e9es et titres plus nerveux, Rozedale cultive un rock ample et moderne, nourri de <strong>blues et de classic rock<\/strong>. Leur musique, \u00e0 la fois accessible et exigeante, s\u00e9duit autant les amateurs de guitares que ceux qui cherchent des refrains m\u00e9morables et des textes charg\u00e9s d\u2019\u00e9motion.<br><img loading=\"lazy\" decoding=\"async\" width=\"50\" height=\"50\" class=\"wp-image-526\" style=\"width: 50px;\" src=\"http:\/\/lesurvoltefestival.org\/wp-content\/uploads\/2026\/04\/Youtube-Streamline-Openmoji-Emoji.png\" alt=\"\"> Pour les d\u00e9couvrir : extrait <a href=\"https:\/\/www.youtube.com\/watch?v=47KVHUXmi9g&amp;list=RD47KVHUXmi9g&amp;start_radio=1\"><strong>Festival de Vienne<\/strong><\/a><\/td><td class=\"has-text-align-center\" data-align=\"center\"><img loading=\"lazy\" decoding=\"async\" width=\"300\" height=\"300\" class=\"wp-image-505\" style=\"width: 300px;\" src=\"http:\/\/lesurvoltefestival.org\/wp-content\/uploads\/2026\/03\/ROZEDALE.jpg\" alt=\"\" srcset=\"https:\/\/lesurvoltefestival.org\/wp-content\/uploads\/2026\/03\/ROZEDALE.jpg 1200w, https:\/\/lesurvoltefestival.org\/wp-content\/uploads\/2026\/03\/ROZEDALE-300x300.jpg 300w, https:\/\/lesurvoltefestival.org\/wp-content\/uploads\/2026\/03\/ROZEDALE-1024x1024.jpg 1024w, https:\/\/lesurvoltefestival.org\/wp-content\/uploads\/2026\/03\/ROZEDALE-150x150.jpg 150w, https:\/\/lesurvoltefestival.org\/wp-content\/uploads\/2026\/03\/ROZEDALE-768x768.jpg 768w\" sizes=\"auto, (max-width: 300px) 100vw, 300px\" \/><\/td><\/tr><\/tbody><\/table><\/figure>\n<\/div>\n<\/div>\n\n\n\n<p class=\"has-text-align-center has-luminous-vivid-amber-color has-black-background-color has-text-color has-background has-link-color has-x-large-font-size wp-elements-55a40523b428c81b47cda799c4b27c92\"><img loading=\"lazy\" decoding=\"async\" width=\"50\" height=\"50\" class=\"wp-image-393\" style=\"width: 50px;\" src=\"http:\/\/lesurvoltefestival.org\/wp-content\/uploads\/2024\/06\/cropped-LOGOS-CMJN-JAUNE.png\" alt=\"\" srcset=\"https:\/\/lesurvoltefestival.org\/wp-content\/uploads\/2024\/06\/cropped-LOGOS-CMJN-JAUNE.png 512w, https:\/\/lesurvoltefestival.org\/wp-content\/uploads\/2024\/06\/cropped-LOGOS-CMJN-JAUNE-300x300.png 300w, https:\/\/lesurvoltefestival.org\/wp-content\/uploads\/2024\/06\/cropped-LOGOS-CMJN-JAUNE-150x150.png 150w, https:\/\/lesurvoltefestival.org\/wp-content\/uploads\/2024\/06\/cropped-LOGOS-CMJN-JAUNE-270x270.png 270w, https:\/\/lesurvoltefestival.org\/wp-content\/uploads\/2024\/06\/cropped-LOGOS-CMJN-JAUNE-192x192.png 192w, https:\/\/lesurvoltefestival.org\/wp-content\/uploads\/2024\/06\/cropped-LOGOS-CMJN-JAUNE-180x180.png 180w, https:\/\/lesurvoltefestival.org\/wp-content\/uploads\/2024\/06\/cropped-LOGOS-CMJN-JAUNE-32x32.png 32w\" sizes=\"auto, (max-width: 50px) 100vw, 50px\" \/> NOS \u00c9DITIONS PR\u00c9C\u00c9DENTES<\/p>\n\n\n\n<h2 class=\"wp-block-heading has-text-align-center\">\u00c9DITION 2025 &#8211; LE SURVOLTE #2<\/h2>\n\n\n\n<figure class=\"wp-block-table\"><table class=\"has-fixed-layout\"><tbody><tr><td class=\"has-text-align-center\" data-align=\"center\"><strong><mark style=\"background-color:rgba(0, 0, 0, 0)\" class=\"has-inline-color has-luminous-vivid-orange-color\">S\u00e9lection du Survolt\u00e9 au Live Challenge de Montbrun Lauragais<\/mark><\/strong> pour jouer sur la grand sc\u00e8ne du festival <br><br>N&#8217;h\u00e9sitez pas \u00e0 postuler au Live Challenge pour participer \u00e0 l&#8217;\u00e9dition 2025 \u00e0 partir de mars (<a href=\"https:\/\/www.live-challenge.fr\/\">https:\/\/www.live-challenge.fr\/<\/a>). <\/td><td class=\"has-text-align-center\" data-align=\"center\">La s\u00e9lection du collectif Le Survolt\u00e9 pour l&#8217;\u00e9dition 2025 est le groupe <strong><a href=\"https:\/\/www.facebook.com\/Doestheory\/?locale=fr_FR\">Doe&#8217;s Theory<\/a><\/strong>, bravo \u00e0 eux, on est ravi de les accueillir pour mettre le feu sur la grande sc\u00e8ne.<br><img loading=\"lazy\" decoding=\"async\" width=\"300\" height=\"225\" class=\"wp-image-496\" style=\"width: 300px;\" src=\"http:\/\/lesurvoltefestival.org\/wp-content\/uploads\/2025\/09\/Does-theory.jpg\" alt=\"\" srcset=\"https:\/\/lesurvoltefestival.org\/wp-content\/uploads\/2025\/09\/Does-theory.jpg 1600w, https:\/\/lesurvoltefestival.org\/wp-content\/uploads\/2025\/09\/Does-theory-300x225.jpg 300w, https:\/\/lesurvoltefestival.org\/wp-content\/uploads\/2025\/09\/Does-theory-1024x768.jpg 1024w, https:\/\/lesurvoltefestival.org\/wp-content\/uploads\/2025\/09\/Does-theory-768x576.jpg 768w, https:\/\/lesurvoltefestival.org\/wp-content\/uploads\/2025\/09\/Does-theory-1536x1152.jpg 1536w\" sizes=\"auto, (max-width: 300px) 100vw, 300px\" \/><br><\/td><\/tr><tr><td class=\"has-text-align-center\" data-align=\"center\"><h1><strong>HEEKA<\/strong><\/h1> URL : <a href=\"https:\/\/www.facebook.com\/heekamusic\">https:\/\/www.facebook.com\/heekamusic<\/a><br><br>Hier voltigeuse \u00e0 quatre m\u00e8tres au-dessus d\u2019un sol de cirque, Heeka monte aujourd\u2019hui sur sc\u00e8ne accompagn\u00e9e de sa guitare et de sa voix, d\u00e9versant ses tripes crues et encore<br>chaudes. C\u2019est dans un univers rock-folk incarn\u00e9 et tr\u00e8s personnel qu\u2019elle nous emm\u00e8ne en voyage sur le dos d\u2019un oiseau en vol ayant d\u00e9j\u00e0 perdu quelques plumes.<br>Accompagn\u00e9e de trois musiciens sur sc\u00e8ne, Heeka nous fera d\u00e9couvrir son premier album The Haunted Lemon, tout en nuances. Entre guitares satur\u00e9es et cordes de guitare fr\u00f4l\u00e9es,<br>entre chant puissant et tout aussi envo\u00fbtant, entre batteries incisives et percussions subtiles, entre pianos d\u00e9licats et basses visc\u00e9rales. Le tout entrem\u00eal\u00e9 de quelques harmonies de voix.<\/td><td class=\"has-text-align-center\" data-align=\"center\"><img decoding=\"async\" src=\"https:\/\/lesurvoltefestival.org\/wp-content\/uploads\/2025\/01\/Heeka-live-1024x601.jpg\" alt=\"\"><\/td><\/tr><tr><td class=\"has-text-align-center\" data-align=\"center\"><h1><strong>LITTLE ODETTA<\/strong><\/h1><br> URL : <a href=\"https:\/\/www.facebook.com\/LittleOdetta\">https:\/\/www.facebook.com\/LittleOdetta<\/a><br><br>Fond\u00e9 en 2020, Little Odetta est un ouragan ! Que ce soit dans un Z\u00e9nith ou dans un club bond\u00e9, les cinq membres de Little Odetta injectent de la soul, du blues, du groove dans leur rock jou\u00e9 avec passion et brio afin d\u2019obtenir le rem\u00e8de universel contre la morosit\u00e9 ! Avec leur second album \u00ab Little Bit Of Soul \u00bb (sept 2024) le groupe r\u00e9alise un nouveau coup de force ! L\u2019album est class\u00e9 n\u00b013 dans la liste des 25 meilleurs albums 2024 pour Rolling Stone magazine, cela porte bonheur ! C\u2019est aussi le 1er groupe fran\u00e7ais du classement !<\/td><td class=\"has-text-align-center\" data-align=\"center\"><img decoding=\"async\" src=\"https:\/\/lesurvoltefestival.org\/wp-content\/uploads\/2025\/01\/Little-Odetta-live-1024x537.jpg\" alt=\"\"><\/td><\/tr><\/tbody><\/table><\/figure>\n\n\n\n<figure class=\"wp-block-table\"><table class=\"has-fixed-layout\"><tbody><tr><td class=\"has-text-align-center\" data-align=\"center\"><strong>\u00c9dition 2025<\/strong><br><strong><mark style=\"background-color:rgba(0, 0, 0, 0)\" class=\"has-inline-color has-luminous-vivid-amber-color\">D\u00e9couvertes Rock Occitanie<\/mark><\/strong><\/td><td class=\"has-text-align-center\" data-align=\"center\"><img loading=\"lazy\" decoding=\"async\" width=\"150\" height=\"29\" class=\"wp-image-537\" style=\"width: 150px;\" src=\"http:\/\/lesurvoltefestival.org\/wp-content\/uploads\/2026\/04\/goodby-osterman.jpg\" alt=\"\"> <img loading=\"lazy\" decoding=\"async\" width=\"80\" height=\"80\" class=\"wp-image-539\" style=\"width: 80px;\" src=\"http:\/\/lesurvoltefestival.org\/wp-content\/uploads\/2026\/04\/Kartage.jpg\" alt=\"\" srcset=\"https:\/\/lesurvoltefestival.org\/wp-content\/uploads\/2026\/04\/Kartage.jpg 200w, https:\/\/lesurvoltefestival.org\/wp-content\/uploads\/2026\/04\/Kartage-150x150.jpg 150w\" sizes=\"auto, (max-width: 80px) 100vw, 80px\" \/> <img loading=\"lazy\" decoding=\"async\" width=\"100\" height=\"56\" class=\"wp-image-536\" style=\"width: 100px;\" src=\"http:\/\/lesurvoltefestival.org\/wp-content\/uploads\/2026\/04\/the_redmoths.jpg\" alt=\"\" srcset=\"https:\/\/lesurvoltefestival.org\/wp-content\/uploads\/2026\/04\/the_redmoths.jpg 640w, https:\/\/lesurvoltefestival.org\/wp-content\/uploads\/2026\/04\/the_redmoths-300x169.jpg 300w\" sizes=\"auto, (max-width: 100px) 100vw, 100px\" \/><br>Goodbye Osterman              Kartage             The RedMoths<\/td><\/tr><\/tbody><\/table><\/figure>\n\n\n\n<h2 class=\"wp-block-heading has-text-align-center\">\u00c9DITION 2024 &#8211; LE SURVOLTE #1<\/h2>\n\n\n\n<p class=\"has-medium-font-size\">En 2024, nous avons eu le plaisir d&#8217;avoir le groupe <a href=\"https:\/\/www.facebook.com\/BASILBandToulouse\/?locale=fr_FR\">BASIL <\/a>(s\u00e9lection du Survolt\u00e9 lors de la finale <a href=\"https:\/\/www.live-challenge.fr\/\">Live Challenge de Montbrun-Lauragais<\/a> 2024) qui a ouvert la soir\u00e9e du festival \u00e0 19h <img loading=\"lazy\" decoding=\"async\" height=\"16\" width=\"16\" src=\"https:\/\/static.xx.fbcdn.net\/images\/emoji.php\/v9\/t50\/1\/16\/1f525.png\" alt=\"\ud83d\udd25\"> et sur la grande sc\u00e8ne du festival:<\/p>\n\n\n\n<figure class=\"wp-block-table aligncenter\"><table class=\"has-cyan-bluish-gray-color has-white-background-color has-text-color has-background has-link-color\"><tbody><tr><td class=\"has-text-align-center\" data-align=\"center\"><img decoding=\"async\" style=\"width: 400px;\" src=\"https:\/\/lh7-us.googleusercontent.com\/MOtHe0MKAN7Y32L-GCrk1Uo8djj_Bc1DXeOZ4j5N6zHGPnBY2ADJqOqx9AtBKTIpUg8cfndFidjsuSW_Eev0Bp7dodi0wTtioVBQyO7lIpkQFrPIw4IZEBu1v0uWCxe4d7hEVz4XWHq0CHGREpFk954cYw=s2048\"><\/td><td class=\"has-text-align-center\" data-align=\"center\"><h1><strong>M.A.N &amp; The Maniacs<\/strong><\/h1><br> URL : https:\/\/www.facebook.com\/marinaannenolles\/<\/td><\/tr><tr><td class=\"has-text-align-center\" data-align=\"center\"><img decoding=\"async\" style=\"width: 400px;\" src=\"https:\/\/lh7-us.googleusercontent.com\/3s9F9vh4xKBTr-1QfrLNKO7XeIbllVHue_r1H-EzXiigeYvYGppm4RX80nDOdFpHArmBy0FwdmR2RbMPtTIiLxAXYPbEwDARfPVoJWBxUNlSb_wKIpnge89hEmgZVbtAUlEHyLIB8y2lMNeFlj9PzlSqPA=s2048\"><\/td><td class=\"has-text-align-center\" data-align=\"center\"><h1><strong><h1><strong>The Twin Souls<\/strong><\/h1><\/strong><\/h1>URL : https:\/\/www.facebook.com\/thetwinsoulsband\/<\/td><\/tr><tr><td class=\"has-text-align-center\" data-align=\"center\"><img decoding=\"async\" style=\"width: 400px;\" src=\"https:\/\/lh7-us.googleusercontent.com\/iDsr0pRn_zSReX1faQL-a6CMUtj19DBiG9jF_kO53Ub9gSlepoB5Vzxw2N_jH4nou7qEaBcjvx13Hbt5vbb-7SFOzYakXyVaZ2n81p_DOb97KPY7vXrHaTVIiElDDSAD179SUUHPU4jXOEJgAVIFuZeqfA=s2048\"><\/td><td class=\"has-text-align-center\" data-align=\"center\"><h1><strong>D\u00e4tcha Mandala<\/strong><\/h1><br>URL :https:\/\/www.datchamandala.net\/<\/td><\/tr><\/tbody><\/table><figcaption class=\"wp-element-caption\">Programmation Le Survolt\u00e9 Festival &#8211; \u00c9dition 2024<\/figcaption><\/figure>\n\n\n\n<figure class=\"wp-block-table\"><table class=\"has-fixed-layout\"><tbody><tr><td class=\"has-text-align-center\" data-align=\"center\"><strong><a href=\"https:\/\/www.facebook.com\/thedesertdew\"><\/a><a href=\"https:\/\/www.facebook.com\/thedesertdew\"><\/a>\u00c9dition 2024<\/strong><br><strong><mark style=\"background-color:rgba(0, 0, 0, 0)\" class=\"has-inline-color has-luminous-vivid-amber-color\">D\u00e9couvertes Rock Occitanie<\/mark><\/strong><\/td><td class=\"has-text-align-center\" data-align=\"center\"><img loading=\"lazy\" decoding=\"async\" width=\"90\" height=\"90\" class=\"wp-image-350\" style=\"width: 90px;\" src=\"http:\/\/lesurvoltefestival.org\/wp-content\/uploads\/2024\/09\/Desert-dew.jpg\" alt=\"\" srcset=\"https:\/\/lesurvoltefestival.org\/wp-content\/uploads\/2024\/09\/Desert-dew.jpg 960w, https:\/\/lesurvoltefestival.org\/wp-content\/uploads\/2024\/09\/Desert-dew-300x300.jpg 300w, https:\/\/lesurvoltefestival.org\/wp-content\/uploads\/2024\/09\/Desert-dew-150x150.jpg 150w, https:\/\/lesurvoltefestival.org\/wp-content\/uploads\/2024\/09\/Desert-dew-768x768.jpg 768w\" sizes=\"auto, (max-width: 90px) 100vw, 90px\" \/><img loading=\"lazy\" decoding=\"async\" width=\"120\" height=\"120\" class=\"wp-image-349\" style=\"width: 120px;\" src=\"http:\/\/lesurvoltefestival.org\/wp-content\/uploads\/2024\/09\/logo_ageing_planet_final-scaled.jpg\" alt=\"\" srcset=\"https:\/\/lesurvoltefestival.org\/wp-content\/uploads\/2024\/09\/logo_ageing_planet_final-scaled.jpg 2560w, https:\/\/lesurvoltefestival.org\/wp-content\/uploads\/2024\/09\/logo_ageing_planet_final-300x300.jpg 300w, https:\/\/lesurvoltefestival.org\/wp-content\/uploads\/2024\/09\/logo_ageing_planet_final-1024x1024.jpg 1024w, https:\/\/lesurvoltefestival.org\/wp-content\/uploads\/2024\/09\/logo_ageing_planet_final-150x150.jpg 150w, https:\/\/lesurvoltefestival.org\/wp-content\/uploads\/2024\/09\/logo_ageing_planet_final-768x768.jpg 768w, https:\/\/lesurvoltefestival.org\/wp-content\/uploads\/2024\/09\/logo_ageing_planet_final-1536x1536.jpg 1536w, https:\/\/lesurvoltefestival.org\/wp-content\/uploads\/2024\/09\/logo_ageing_planet_final-2048x2048.jpg 2048w\" sizes=\"auto, (max-width: 120px) 100vw, 120px\" \/><img loading=\"lazy\" decoding=\"async\" width=\"150\" height=\"112\" class=\"wp-image-348\" style=\"width: 150px;\" src=\"http:\/\/lesurvoltefestival.org\/wp-content\/uploads\/2024\/09\/logo-does-theory.webp\" alt=\"\" srcset=\"https:\/\/lesurvoltefestival.org\/wp-content\/uploads\/2024\/09\/logo-does-theory.webp 567w, https:\/\/lesurvoltefestival.org\/wp-content\/uploads\/2024\/09\/logo-does-theory-300x225.webp 300w\" sizes=\"auto, (max-width: 150px) 100vw, 150px\" \/><\/td><\/tr><\/tbody><\/table><\/figure>\n","protected":false},"excerpt":{"rendered":"<p>Vendredi 20h00 &#8211; 23h00 &#8211; Premi\u00e8re soir\u00e9e concerts Rock (entr\u00e9e payante) On vous propose une premi\u00e8re soir\u00e9e avec 2 groupes \u00e0 d\u00e9couvrir ! Sp\u00e9cial coups de c\u0153ur Rock \u00e9mergent du &#8230;<\/p>\n","protected":false},"author":1,"featured_media":0,"parent":0,"menu_order":0,"comment_status":"closed","ping_status":"closed","template":"","meta":{"footnotes":""},"class_list":["post-11","page","type-page","status-publish","hentry"],"_links":{"self":[{"href":"https:\/\/lesurvoltefestival.org\/index.php\/wp-json\/wp\/v2\/pages\/11","targetHints":{"allow":["GET"]}}],"collection":[{"href":"https:\/\/lesurvoltefestival.org\/index.php\/wp-json\/wp\/v2\/pages"}],"about":[{"href":"https:\/\/lesurvoltefestival.org\/index.php\/wp-json\/wp\/v2\/types\/page"}],"author":[{"embeddable":true,"href":"https:\/\/lesurvoltefestival.org\/index.php\/wp-json\/wp\/v2\/users\/1"}],"replies":[{"embeddable":true,"href":"https:\/\/lesurvoltefestival.org\/index.php\/wp-json\/wp\/v2\/comments?post=11"}],"version-history":[{"count":33,"href":"https:\/\/lesurvoltefestival.org\/index.php\/wp-json\/wp\/v2\/pages\/11\/revisions"}],"predecessor-version":[{"id":544,"href":"https:\/\/lesurvoltefestival.org\/index.php\/wp-json\/wp\/v2\/pages\/11\/revisions\/544"}],"wp:attachment":[{"href":"https:\/\/lesurvoltefestival.org\/index.php\/wp-json\/wp\/v2\/media?parent=11"}],"curies":[{"name":"wp","href":"https:\/\/api.w.org\/{rel}","templated":true}]}}